{"id":1975,"date":"2023-09-20T16:04:59","date_gmt":"2023-09-20T14:04:59","guid":{"rendered":"https:\/\/valter-skupina.com\/?page_id=1975"},"modified":"2024-12-18T11:10:49","modified_gmt":"2024-12-18T10:10:49","slug":"javni-program-za-okrevanje-in-odpornost","status":"publish","type":"page","link":"https:\/\/valter-skupina.com\/sl\/javni-program-za-okrevanje-in-odpornost\/","title":{"rendered":"EU FINANCIRANJE"},"content":{"rendered":"\n<h2 class=\"wp-block-heading\" style=\"text-transform:none\">Javni razpis za podpora zagonskim, mikro, malim in srednjim podjetjem pri strate\u0161ki trajnostni in kro\u017eni transformaciji poslovanja v letih 2022-2025<\/h2>\n\n\n\n<p>Na\u0161e podjetje Valter skupina d.o.o. je uspe\u0161no pridobilo pogodbo o vklju\u010ditvi v Fazo B za sofinanciranje izvedbenega projekta Javnega razpisa Podpora zagonskim, mikro, malim in srednjim podjetjem pri strate\u0161ki trajnostni in kro\u017eni transformaciji poslovanja v letih 2022-2025.<\/p>\n\n\n\n<p>Naziv izvedbenega projekta: \u00bbTrajnostna in kro\u017ena optimizacija proizvodnje sistema za nadzor kakovosti vode\u00ab<\/p>\n\n\n\n<p>Namen projekta: \u00bbNamen projekta je preoblikovanje pokrova naprave, izdelava ustreznih digitaliziranih navodil, uvedba programa vra\u010danja in recikla\u017ee analizatorja klora VCA210 in zapis proizvodnega procesa. Celotna re\u0161itev zdru\u017euje tehni\u010dno dovr\u0161enost analizatorja klora VCA210 z ekolo\u0161ko ozave\u0161\u010denostjo in dru\u017ebeno odgovornostjo, ustvarjajo\u010d trajnostne koristi za podjetje in skupnost.\u00ab<\/p>\n\n\n\n<p>Na\u010drtovani rezultati ob zaklju\u010dku izvedbenega projekta: <\/p>\n\n\n\n<ul class=\"wp-block-list\">\n<li>Izdelana tr\u017ena analiza za analizator klora za ciljne trge<\/li>\n\n\n\n<li>Razvita nova verzija ohi\u0161ja analizatorja klora, ki potrebuje manj materialov in<br>nevarnih snovi za izdelavo,<\/li>\n\n\n\n<li>Izdelava dveh digitalnih navodil v obliki video posnetkov, s katerimi bo lahko stranka<br>sama vgradila in kalibrirala analizator klora<\/li>\n\n\n\n<li>Zapis proizvodnega procesa analizatorja klora v obliki standardnega operativnega<br>postopka (SOP)<\/li>\n<\/ul>\n\n\n\n<p><\/p>\n\n\n\n<p>Trajanje projekta: 5\/2024 \u2013 12\/2024<\/p>\n\n\n\n<p>Celotni prora\u010dun programa: 78.583,38 EUR<\/p>\n\n\n\n<p>EU-financiranje: 39.991,69 EUR<\/p>\n\n\n\n<p>Nalo\u017eba je del ukrepov slovenskega na\u010drta, ki se financira iz mehanizma za okrevanje in odpornost (spletno mesto <a href=\"https:\/\/www.gov.si\/zbirke\/projekti-in-programi\/nacrt-za-okrevanje-in-odpornost\">www.noo.gov.si<\/a> , <a href=\"https:\/\/evropskasredstva.si\/\">www.evropskasredstva.si<\/a> , <a href=\"https:\/\/www.spiritslovenia.si\/\">www.spiritslovenia.si <\/a>, <a href=\"https:\/\/www.gov.si\/drzavni-organi\/ministrstva\/ministrstvo-za-gospodarstvo-turizem-in-sport\/\">https:\/\/www.gov.si\/drzavni-organi\/ministrstva\/ministrstvo-za-gospodarstvo-turizem-in-sport\/ <\/a>).<\/p>\n\n\n\n<div class=\"wp-block-columns are-vertically-aligned-center is-layout-flex wp-container-core-columns-is-layout-9d6595d7 wp-block-columns-is-layout-flex\">\n<div class=\"wp-block-column is-vertically-aligned-center is-layout-flow wp-block-column-is-layout-flow\" style=\"flex-basis:25%\">\n<figure class=\"wp-block-image size-medium is-resized\"><img decoding=\"async\" width=\"300\" height=\"90\" src=\"https:\/\/valter-skupina.com\/wp-content\/uploads\/2023\/09\/Spirit-Slovenia-logo-300x90.png\" alt=\"\" class=\"wp-image-2018\" style=\"object-fit:cover;width:203px;height:auto\" srcset=\"https:\/\/valter-skupina.com\/wp-content\/uploads\/2023\/09\/Spirit-Slovenia-logo-300x90.png 300w, https:\/\/valter-skupina.com\/wp-content\/uploads\/2023\/09\/Spirit-Slovenia-logo-1024x306.png 1024w, https:\/\/valter-skupina.com\/wp-content\/uploads\/2023\/09\/Spirit-Slovenia-logo-768x229.png 768w, https:\/\/valter-skupina.com\/wp-content\/uploads\/2023\/09\/Spirit-Slovenia-logo-228x68.png 228w, https:\/\/valter-skupina.com\/wp-content\/uploads\/2023\/09\/Spirit-Slovenia-logo-555x166.png 555w, https:\/\/valter-skupina.com\/wp-content\/uploads\/2023\/09\/Spirit-Slovenia-logo-510x152.png 510w, https:\/\/valter-skupina.com\/wp-content\/uploads\/2023\/09\/Spirit-Slovenia-logo-360x108.png 360w, https:\/\/valter-skupina.com\/wp-content\/uploads\/2023\/09\/Spirit-Slovenia-logo.png 1135w\" sizes=\"(max-width: 300px) 100vw, 300px\" \/><\/figure>\n<\/div>\n\n\n\n<div class=\"wp-block-column is-vertically-aligned-center is-layout-flow wp-block-column-is-layout-flow\" style=\"flex-basis:25%\">\n<figure class=\"wp-block-image size-medium\"><img decoding=\"async\" width=\"300\" height=\"52\" src=\"https:\/\/valter-skupina.com\/wp-content\/uploads\/2023\/09\/Logo_MGT_slo-300x52.png\" alt=\"\" class=\"wp-image-2021\" srcset=\"https:\/\/valter-skupina.com\/wp-content\/uploads\/2023\/09\/Logo_MGT_slo-300x52.png 300w, https:\/\/valter-skupina.com\/wp-content\/uploads\/2023\/09\/Logo_MGT_slo-768x134.png 768w, https:\/\/valter-skupina.com\/wp-content\/uploads\/2023\/09\/Logo_MGT_slo-228x40.png 228w, https:\/\/valter-skupina.com\/wp-content\/uploads\/2023\/09\/Logo_MGT_slo-555x97.png 555w, https:\/\/valter-skupina.com\/wp-content\/uploads\/2023\/09\/Logo_MGT_slo-510x89.png 510w, https:\/\/valter-skupina.com\/wp-content\/uploads\/2023\/09\/Logo_MGT_slo-360x63.png 360w, https:\/\/valter-skupina.com\/wp-content\/uploads\/2023\/09\/Logo_MGT_slo.png 802w\" sizes=\"(max-width: 300px) 100vw, 300px\" \/><\/figure>\n<\/div>\n\n\n\n<div class=\"wp-block-column is-vertically-aligned-center is-layout-flow wp-block-column-is-layout-flow\" style=\"flex-basis:25%\">\n<figure class=\"wp-block-image size-medium is-resized\"><img decoding=\"async\" width=\"300\" height=\"132\" src=\"https:\/\/valter-skupina.com\/wp-content\/uploads\/2023\/09\/NOO_Logo_RGB_sekundarni_SI_gradient-300x132.png\" alt=\"\" class=\"wp-image-1986\" style=\"object-fit:cover;width:139px;height:auto\" srcset=\"https:\/\/valter-skupina.com\/wp-content\/uploads\/2023\/09\/NOO_Logo_RGB_sekundarni_SI_gradient-300x132.png 300w, https:\/\/valter-skupina.com\/wp-content\/uploads\/2023\/09\/NOO_Logo_RGB_sekundarni_SI_gradient-1024x450.png 1024w, https:\/\/valter-skupina.com\/wp-content\/uploads\/2023\/09\/NOO_Logo_RGB_sekundarni_SI_gradient-768x337.png 768w, https:\/\/valter-skupina.com\/wp-content\/uploads\/2023\/09\/NOO_Logo_RGB_sekundarni_SI_gradient-182x80.png 182w, https:\/\/valter-skupina.com\/wp-content\/uploads\/2023\/09\/NOO_Logo_RGB_sekundarni_SI_gradient-555x244.png 555w, https:\/\/valter-skupina.com\/wp-content\/uploads\/2023\/09\/NOO_Logo_RGB_sekundarni_SI_gradient-510x224.png 510w, https:\/\/valter-skupina.com\/wp-content\/uploads\/2023\/09\/NOO_Logo_RGB_sekundarni_SI_gradient-360x158.png 360w, https:\/\/valter-skupina.com\/wp-content\/uploads\/2023\/09\/NOO_Logo_RGB_sekundarni_SI_gradient.png 1106w\" sizes=\"(max-width: 300px) 100vw, 300px\" \/><\/figure>\n<\/div>\n\n\n\n<div class=\"wp-block-column is-vertically-aligned-center is-layout-flow wp-block-column-is-layout-flow\" style=\"flex-basis:25%\">\n<figure class=\"wp-block-image size-large is-resized\"><img decoding=\"async\" width=\"1024\" height=\"289\" src=\"https:\/\/valter-skupina.com\/wp-content\/uploads\/2023\/09\/SL_Financira_Evropska_unija_RGB_POS-1024x289.png\" alt=\"\" class=\"wp-image-1983\" style=\"object-fit:cover;width:230px;height:auto\" srcset=\"https:\/\/valter-skupina.com\/wp-content\/uploads\/2023\/09\/SL_Financira_Evropska_unija_RGB_POS-1024x289.png 1024w, https:\/\/valter-skupina.com\/wp-content\/uploads\/2023\/09\/SL_Financira_Evropska_unija_RGB_POS-300x85.png 300w, https:\/\/valter-skupina.com\/wp-content\/uploads\/2023\/09\/SL_Financira_Evropska_unija_RGB_POS-768x217.png 768w, https:\/\/valter-skupina.com\/wp-content\/uploads\/2023\/09\/SL_Financira_Evropska_unija_RGB_POS-1536x434.png 1536w, https:\/\/valter-skupina.com\/wp-content\/uploads\/2023\/09\/SL_Financira_Evropska_unija_RGB_POS-2048x579.png 2048w, https:\/\/valter-skupina.com\/wp-content\/uploads\/2023\/09\/SL_Financira_Evropska_unija_RGB_POS-228x64.png 228w, https:\/\/valter-skupina.com\/wp-content\/uploads\/2023\/09\/SL_Financira_Evropska_unija_RGB_POS-555x157.png 555w, https:\/\/valter-skupina.com\/wp-content\/uploads\/2023\/09\/SL_Financira_Evropska_unija_RGB_POS-510x144.png 510w, https:\/\/valter-skupina.com\/wp-content\/uploads\/2023\/09\/SL_Financira_Evropska_unija_RGB_POS-360x102.png 360w, https:\/\/valter-skupina.com\/wp-content\/uploads\/2023\/09\/SL_Financira_Evropska_unija_RGB_POS.png 1920w\" sizes=\"(max-width: 1024px) 100vw, 1024px\" \/><\/figure>\n<\/div>\n<\/div>\n\n\n\n<section class=\"section pb-10\">\n<h2 class=\"wp-block-heading\">Javni program za okrevanje in odpornost s pilotno-demonstracijskimi projekti (jr demo piloti noo)<\/h2><\/section>\n\n\n\n<p>Naziv PD projekta: \u00bbInteligentni sistem prediktivnega spremljanja kakovosti komunalne pitne vode v realnem \u010dasu\u00ab<\/p>\n\n\n\n<p>Podjetje Valter skupina d.o.o. je na javnem razpisu za okrevanje in odpornost s pilotno-demonstracijskimi projekti uspe\u0161no pridobilo sofinanciranje za izvedbo projekta \u00bbInteligentni sistem prediktivnega spremljanja kakovosti komunalne pitne vode v realnem \u010dasu\u00ab.<\/p>\n\n\n\n<p>Cilj projekta je razviti in uspe\u0161no demonstrirati prvi celoviti inteligentni on-line sistem za spremljanje, predvidevanje in upravljanje kakovosti pitne vode v realnem \u010dasu<\/p>\n\n\n\n<ul class=\"wp-block-list\">\n<li>po celotnem distribucijskem vodovodnem sistemu\/omre\u017eju (od vodarne preko cevovodnega sistema do kon\u010dnega uporabnika) 24\/7,<\/li>\n\n\n\n<li>z AI-podprto prediktivno analitiko zbranih podatkov v IoT obla\u010dni platformi in s posebno aplikacijo za obve\u0161\u010danje kon\u010dnih uporabnikov.<\/li>\n<\/ul>\n\n\n\n<p><\/p>\n\n\n\n<p>Trajanje projekta: 1.3.2023 &#8211; 28.2.2026<\/p>\n\n\n\n<p>Vrednost projekta: 1.740.764,44 EUR<\/p>\n\n\n\n<p>Vrednost sofinanciranja: 999.788,66 EUR<\/p>\n\n\n\n<p>Projekt financirata Republika Slovenija in Evropska Unija \u2013 <strong>NextGenerationEU<\/strong>. Nalo\u017eba je del ukrepov na\u010drta, ki se financira iz mehanizma Na\u010drt za okrevanje in odpornost (NOO). (spletno mesto <a href=\"https:\/\/www.gov.si\/zbirke\/projekti-in-programi\/nacrt-za-okrevanje-in-odpornost\">www.noo.gov.si<\/a> , <a href=\"https:\/\/evropskasredstva.si\/\">www.evropskasredstva.si<\/a>)<\/p>\n\n\n\n<p><\/p>\n\n\n\n<div class=\"wp-block-columns is-layout-flex wp-container-core-columns-is-layout-9d6595d7 wp-block-columns-is-layout-flex\">\n<div class=\"wp-block-column is-layout-flow wp-block-column-is-layout-flow\">\n<figure class=\"wp-block-image aligncenter size-large is-resized\"><img decoding=\"async\" width=\"1024\" height=\"289\" src=\"https:\/\/valter-skupina.com\/wp-content\/uploads\/2023\/09\/SL_Financira_Evropska_unija_RGB_POS-1024x289.png\" alt=\"\" class=\"wp-image-1983\" style=\"aspect-ratio:3.5543478260869565;width:213px;height:auto\" srcset=\"https:\/\/valter-skupina.com\/wp-content\/uploads\/2023\/09\/SL_Financira_Evropska_unija_RGB_POS-1024x289.png 1024w, https:\/\/valter-skupina.com\/wp-content\/uploads\/2023\/09\/SL_Financira_Evropska_unija_RGB_POS-300x85.png 300w, https:\/\/valter-skupina.com\/wp-content\/uploads\/2023\/09\/SL_Financira_Evropska_unija_RGB_POS-768x217.png 768w, https:\/\/valter-skupina.com\/wp-content\/uploads\/2023\/09\/SL_Financira_Evropska_unija_RGB_POS-1536x434.png 1536w, https:\/\/valter-skupina.com\/wp-content\/uploads\/2023\/09\/SL_Financira_Evropska_unija_RGB_POS-2048x579.png 2048w, https:\/\/valter-skupina.com\/wp-content\/uploads\/2023\/09\/SL_Financira_Evropska_unija_RGB_POS-228x64.png 228w, https:\/\/valter-skupina.com\/wp-content\/uploads\/2023\/09\/SL_Financira_Evropska_unija_RGB_POS-555x157.png 555w, https:\/\/valter-skupina.com\/wp-content\/uploads\/2023\/09\/SL_Financira_Evropska_unija_RGB_POS-510x144.png 510w, https:\/\/valter-skupina.com\/wp-content\/uploads\/2023\/09\/SL_Financira_Evropska_unija_RGB_POS-360x102.png 360w, https:\/\/valter-skupina.com\/wp-content\/uploads\/2023\/09\/SL_Financira_Evropska_unija_RGB_POS.png 1920w\" sizes=\"(max-width: 1024px) 100vw, 1024px\" \/><\/figure>\n<\/div>\n\n\n\n<div class=\"wp-block-column is-layout-flow wp-block-column-is-layout-flow\">\n<figure class=\"wp-block-image aligncenter size-large is-resized\"><img decoding=\"async\" width=\"1024\" height=\"450\" src=\"https:\/\/valter-skupina.com\/wp-content\/uploads\/2023\/09\/NOO_Logo_RGB_sekundarni_SI_gradient-1024x450.png\" alt=\"\" class=\"wp-image-1986\" style=\"aspect-ratio:2.2857142857142856;width:162px;height:auto\" srcset=\"https:\/\/valter-skupina.com\/wp-content\/uploads\/2023\/09\/NOO_Logo_RGB_sekundarni_SI_gradient-1024x450.png 1024w, https:\/\/valter-skupina.com\/wp-content\/uploads\/2023\/09\/NOO_Logo_RGB_sekundarni_SI_gradient-300x132.png 300w, https:\/\/valter-skupina.com\/wp-content\/uploads\/2023\/09\/NOO_Logo_RGB_sekundarni_SI_gradient-768x337.png 768w, https:\/\/valter-skupina.com\/wp-content\/uploads\/2023\/09\/NOO_Logo_RGB_sekundarni_SI_gradient-182x80.png 182w, https:\/\/valter-skupina.com\/wp-content\/uploads\/2023\/09\/NOO_Logo_RGB_sekundarni_SI_gradient-555x244.png 555w, https:\/\/valter-skupina.com\/wp-content\/uploads\/2023\/09\/NOO_Logo_RGB_sekundarni_SI_gradient-510x224.png 510w, https:\/\/valter-skupina.com\/wp-content\/uploads\/2023\/09\/NOO_Logo_RGB_sekundarni_SI_gradient-360x158.png 360w, https:\/\/valter-skupina.com\/wp-content\/uploads\/2023\/09\/NOO_Logo_RGB_sekundarni_SI_gradient.png 1106w\" sizes=\"(max-width: 1024px) 100vw, 1024px\" \/><\/figure>\n<\/div>\n<\/div>\n\n\n\n<section class=\"section pb-10\">\n<h2 class=\"wp-block-heading\">Podpora zagonskim, mikro, malim in srednjim podjetjem pri strate\u0161ki trajnostni in kro\u017eni transformaciji poslovanja \u2013 program Akademije trajnostne in kro\u017ene transformacije<\/h2><\/section>\n\n\n\n<div class=\"wp-block-columns is-layout-flex wp-container-core-columns-is-layout-9d6595d7 wp-block-columns-is-layout-flex\">\n<div class=\"wp-block-column is-layout-flow wp-block-column-is-layout-flow\" style=\"flex-basis:100%\">\n<p>Namen projekta v podjetju Valter Skupina je izvesti celovit proces strate\u0161ke trajnostne in kro\u017ene transformacije poslovanja. Ta transformacija vklju\u010duje sodelovanje med vodstvom podjetja, lastniki in zaposlenimi ter obsega ve\u010d klju\u010dnih komponent:<\/p>\n\n\n\n<ol class=\"wp-block-list\">\n<li><strong>Priprava trajnostne in kro\u017ene poslovne strategije:<\/strong> Oblikovanje poslovne strategije, ki je usklajena s principi trajnosti in kro\u017enega gospodarstva.<\/li>\n\n\n\n<li><strong>Strate\u0161ka ocena in popis vseh linearnih oziroma obstoje\u010dih procesov kreiranja vrednosti produktov\/storitev:<\/strong> To vklju\u010duje tudi razumevanje lastnih dobavnih in vrednostnih verig ter dolo\u010danje mo\u017enosti za vzpostavitev kro\u017enih procesov. Prav tako se opravi analiza vseh<br>negativnih vplivov na okolje, ljudi in skupnost.<\/li>\n\n\n\n<li><strong>Transformacija obstoje\u010dih ali postavitev novih trajnostno in kro\u017eno naravnanih poslovnih modelov:<\/strong> Ti modeli so namenjeni dolo\u010denemu portfelju produktov\/storitev in so usmerjeni k dolgoro\u010dni vzdr\u017enosti in kro\u017enosti.<\/li>\n\n\n\n<li><strong>Priprava nabora idejnih izvedbenih projektov:<\/strong> Ti projekti so namenjeni uresni\u010devanju trajnostnih in kro\u017enih strate\u0161kih poslovnih strategij.<\/li>\n\n\n\n<li><strong>Priprava izvedbenega projekta:<\/strong> To vklju\u010duje podrobno na\u010drtovanje in organizacijo izvedbe projektov za doseganje zastavljenih trajnostnih in kro\u017enih ciljev.<\/li>\n<\/ol>\n<\/div>\n<\/div>\n\n\n\n<p>S tem pristopom Valter Skupina te\u017ei k integraciji trajnostnih in kro\u017enih na\u010del v svoje poslovne procese, s \u010dimer pove\u010duje svojo konkuren\u010dnost in prispeva k bolj\u0161emu okolju in dru\u017ebi.<\/p>\n\n\n\n<p>Podjetje Valter skupina je skupaj s svetovalcem razvila trajnostjo in kro\u017eno poslovno strategijo.<\/p>\n\n\n\n<p>&#8220;NextGenerationEU&#8221; predstavlja osrednjo to\u010dko za informacije o NextGenerationEU, ambicioznem na\u010drtu Evropske unije, namenjenem spodbujanju okrevanja po COVID-19 pandemiji. Na\u010drt si prizadeva graditi bolj zeleno, digitalno in odporno Evropo.<\/p>\n\n\n\n<p>Glavne zna\u010dilnosti spletne strani so:<\/p>\n\n\n\n<ol class=\"wp-block-list\">\n<li><strong>Predstavitev NextGenerationEU:<\/strong> Spletna stran ponuja podroben vpogled v iniciative in sredstva, ki so del na\u010drta, vklju\u010dno z instrumentom za okrevanje in odpornost, ki je njegov osrednji del.<\/li>\n\n\n\n<li><strong>Informacije o Financiranju:<\/strong> Obiskovalci lahko najdejo informacije o tem, kako se sredstva zbirajo in distribuirajo med dr\u017eavami \u010dlanicami, s posebnim poudarkom na vzpostavljanju pravi\u010dnej\u0161ega, bolj zelenega in bolj digitalnega dru\u017ebeno-gospodarskega okolja.<\/li>\n\n\n\n<li><strong>Zgodbe o Uspehu:<\/strong> Spletna stran izpostavlja primere uspe\u0161nih projektov in iniciativ, ki so jih financirali skozi na\u010drt, ponujajo\u010d vpogled v pozitivne vplive, ki jih NextGenerationEU \u017ee ima po celotni uniji.<\/li>\n\n\n\n<li><strong>Viri in Dokumentacija:<\/strong> Uporabniki lahko dostopajo do razli\u010dnih poro\u010dil, analiz in dokumentov, ki podrobneje razlagajo cilje, strukturo in napredek NextGenerationEU. <\/li>\n<\/ol>\n\n\n\n<p><strong>Trajanje programa: <\/strong><br>09\/2023 \u2013 01\/2024<\/p>\n\n\n\n<p><strong>Celotni prora\u010dun programa:<\/strong><br>pomo\u010d po shemi de minimis<br>15.262,20 \u20ac ali 7.210,20 \u20ac<\/p>\n\n\n\n<p><strong>EU-financiranje:<\/strong><br>15.262,20 \u20ac ali 7.210,20 \u20ac<\/p>\n\n\n\n<p>Nalo\u017ebo sofinancira Evropska Unija &#8211; <strong>NextGeneration EU<\/strong>. (spletno mesto <a href=\"https:\/\/www.gov.si\/zbirke\/projekti-in-programi\/nacrt-za-okrevanje-in-odpornost\">www.noo.gov.si<\/a> , <a href=\"https:\/\/evropskasredstva.si\/\">www.evropskasredstva.si<\/a> , <a href=\"https:\/\/www.spiritslovenia.si\/\">www.spiritslovenia.si <\/a>, <a href=\"https:\/\/www.gov.si\/drzavni-organi\/ministrstva\/ministrstvo-za-gospodarstvo-turizem-in-sport\/\">https:\/\/www.gov.si\/drzavni-organi\/ministrstva\/ministrstvo-za-gospodarstvo-turizem-in-sport\/ <\/a>).<\/p>\n\n\n\n<div class=\"wp-block-group is-layout-constrained wp-block-group-is-layout-constrained\">\n<div class=\"wp-block-columns are-vertically-aligned-center is-layout-flex wp-container-core-columns-is-layout-9d6595d7 wp-block-columns-is-layout-flex\">\n<div class=\"wp-block-column is-vertically-aligned-center is-layout-flow wp-block-column-is-layout-flow\" style=\"flex-basis:25%\">\n<figure class=\"wp-block-image size-medium is-resized\"><img decoding=\"async\" width=\"300\" height=\"90\" src=\"https:\/\/valter-skupina.com\/wp-content\/uploads\/2023\/09\/Spirit-Slovenia-logo-300x90.png\" alt=\"\" class=\"wp-image-2018\" style=\"object-fit:cover;width:197px;height:auto\" srcset=\"https:\/\/valter-skupina.com\/wp-content\/uploads\/2023\/09\/Spirit-Slovenia-logo-300x90.png 300w, https:\/\/valter-skupina.com\/wp-content\/uploads\/2023\/09\/Spirit-Slovenia-logo-1024x306.png 1024w, https:\/\/valter-skupina.com\/wp-content\/uploads\/2023\/09\/Spirit-Slovenia-logo-768x229.png 768w, https:\/\/valter-skupina.com\/wp-content\/uploads\/2023\/09\/Spirit-Slovenia-logo-228x68.png 228w, https:\/\/valter-skupina.com\/wp-content\/uploads\/2023\/09\/Spirit-Slovenia-logo-555x166.png 555w, https:\/\/valter-skupina.com\/wp-content\/uploads\/2023\/09\/Spirit-Slovenia-logo-510x152.png 510w, https:\/\/valter-skupina.com\/wp-content\/uploads\/2023\/09\/Spirit-Slovenia-logo-360x108.png 360w, https:\/\/valter-skupina.com\/wp-content\/uploads\/2023\/09\/Spirit-Slovenia-logo.png 1135w\" sizes=\"(max-width: 300px) 100vw, 300px\" \/><\/figure>\n<\/div>\n\n\n\n<div class=\"wp-block-column is-vertically-aligned-center is-layout-flow wp-block-column-is-layout-flow\" style=\"flex-basis:25%\">\n<figure class=\"wp-block-image size-medium\"><img decoding=\"async\" width=\"300\" height=\"52\" src=\"https:\/\/valter-skupina.com\/wp-content\/uploads\/2023\/09\/Logo_MGT_slo-300x52.png\" alt=\"\" class=\"wp-image-2021\" srcset=\"https:\/\/valter-skupina.com\/wp-content\/uploads\/2023\/09\/Logo_MGT_slo-300x52.png 300w, https:\/\/valter-skupina.com\/wp-content\/uploads\/2023\/09\/Logo_MGT_slo-768x134.png 768w, https:\/\/valter-skupina.com\/wp-content\/uploads\/2023\/09\/Logo_MGT_slo-228x40.png 228w, https:\/\/valter-skupina.com\/wp-content\/uploads\/2023\/09\/Logo_MGT_slo-555x97.png 555w, https:\/\/valter-skupina.com\/wp-content\/uploads\/2023\/09\/Logo_MGT_slo-510x89.png 510w, https:\/\/valter-skupina.com\/wp-content\/uploads\/2023\/09\/Logo_MGT_slo-360x63.png 360w, https:\/\/valter-skupina.com\/wp-content\/uploads\/2023\/09\/Logo_MGT_slo.png 802w\" sizes=\"(max-width: 300px) 100vw, 300px\" \/><\/figure>\n<\/div>\n\n\n\n<div class=\"wp-block-column is-vertically-aligned-center is-layout-flow wp-block-column-is-layout-flow\" style=\"flex-basis:25%\">\n<figure class=\"wp-block-image size-medium is-resized\"><img decoding=\"async\" width=\"300\" height=\"132\" src=\"https:\/\/valter-skupina.com\/wp-content\/uploads\/2023\/09\/NOO_Logo_RGB_sekundarni_SI_gradient-300x132.png\" alt=\"\" class=\"wp-image-1986\" style=\"object-fit:cover;width:139px;height:auto\" srcset=\"https:\/\/valter-skupina.com\/wp-content\/uploads\/2023\/09\/NOO_Logo_RGB_sekundarni_SI_gradient-300x132.png 300w, https:\/\/valter-skupina.com\/wp-content\/uploads\/2023\/09\/NOO_Logo_RGB_sekundarni_SI_gradient-1024x450.png 1024w, https:\/\/valter-skupina.com\/wp-content\/uploads\/2023\/09\/NOO_Logo_RGB_sekundarni_SI_gradient-768x337.png 768w, https:\/\/valter-skupina.com\/wp-content\/uploads\/2023\/09\/NOO_Logo_RGB_sekundarni_SI_gradient-182x80.png 182w, https:\/\/valter-skupina.com\/wp-content\/uploads\/2023\/09\/NOO_Logo_RGB_sekundarni_SI_gradient-555x244.png 555w, https:\/\/valter-skupina.com\/wp-content\/uploads\/2023\/09\/NOO_Logo_RGB_sekundarni_SI_gradient-510x224.png 510w, https:\/\/valter-skupina.com\/wp-content\/uploads\/2023\/09\/NOO_Logo_RGB_sekundarni_SI_gradient-360x158.png 360w, https:\/\/valter-skupina.com\/wp-content\/uploads\/2023\/09\/NOO_Logo_RGB_sekundarni_SI_gradient.png 1106w\" sizes=\"(max-width: 300px) 100vw, 300px\" \/><\/figure>\n<\/div>\n\n\n\n<div class=\"wp-block-column is-vertically-aligned-center is-layout-flow wp-block-column-is-layout-flow\" style=\"flex-basis:25%\">\n<figure class=\"wp-block-image size-large is-resized\"><img decoding=\"async\" width=\"1024\" height=\"289\" src=\"https:\/\/valter-skupina.com\/wp-content\/uploads\/2023\/09\/SL_Financira_Evropska_unija_RGB_POS-1024x289.png\" alt=\"\" class=\"wp-image-1983\" style=\"object-fit:cover;width:237px;height:auto\" srcset=\"https:\/\/valter-skupina.com\/wp-content\/uploads\/2023\/09\/SL_Financira_Evropska_unija_RGB_POS-1024x289.png 1024w, https:\/\/valter-skupina.com\/wp-content\/uploads\/2023\/09\/SL_Financira_Evropska_unija_RGB_POS-300x85.png 300w, https:\/\/valter-skupina.com\/wp-content\/uploads\/2023\/09\/SL_Financira_Evropska_unija_RGB_POS-768x217.png 768w, https:\/\/valter-skupina.com\/wp-content\/uploads\/2023\/09\/SL_Financira_Evropska_unija_RGB_POS-1536x434.png 1536w, https:\/\/valter-skupina.com\/wp-content\/uploads\/2023\/09\/SL_Financira_Evropska_unija_RGB_POS-2048x579.png 2048w, https:\/\/valter-skupina.com\/wp-content\/uploads\/2023\/09\/SL_Financira_Evropska_unija_RGB_POS-228x64.png 228w, https:\/\/valter-skupina.com\/wp-content\/uploads\/2023\/09\/SL_Financira_Evropska_unija_RGB_POS-555x157.png 555w, https:\/\/valter-skupina.com\/wp-content\/uploads\/2023\/09\/SL_Financira_Evropska_unija_RGB_POS-510x144.png 510w, https:\/\/valter-skupina.com\/wp-content\/uploads\/2023\/09\/SL_Financira_Evropska_unija_RGB_POS-360x102.png 360w, https:\/\/valter-skupina.com\/wp-content\/uploads\/2023\/09\/SL_Financira_Evropska_unija_RGB_POS.png 1920w\" sizes=\"(max-width: 1024px) 100vw, 1024px\" \/><\/figure>\n<\/div>\n<\/div>\n<\/div>\n\n\n\n<p><\/p>\n","protected":false},"excerpt":{"rendered":"<p>Javni razpis za podpora zagonskim, mikro, malim in srednjim podjetjem pri strate\u0161ki trajnostni in kro\u017eni transformaciji poslovanja v letih 2022-2025 Na\u0161e podjetje Valter skupina d.o.o. je uspe\u0161no pridobilo pogodbo o vklju\u010ditvi v Fazo B za sofinanciranje izvedbenega projekta Javnega razpisa Podpora zagonskim, mikro, malim in srednjim podjetjem pri strate\u0161ki trajnostni in kro\u017eni transformaciji poslovanja v &hellip; <a href=\"https:\/\/valter-skupina.com\/sl\/javni-program-za-okrevanje-in-odpornost\/\">Continued<\/a><\/p>\n","protected":false},"author":2,"featured_media":0,"parent":0,"menu_order":0,"comment_status":"closed","ping_status":"closed","template":"views\/template-contact.blade.php","meta":{"footnotes":""},"class_list":["post-1975","page","type-page","status-publish","hentry"],"acf":[],"yoast_head":"<!-- This site is optimized with the Yoast SEO plugin v21.2 - https:\/\/yoast.com\/wordpress\/plugins\/seo\/ -->\n<title>EU FINANCIRANJE - valter-skupina.com<\/title>\n<meta name=\"robots\" content=\"index, follow, max-snippet:-1, max-image-preview:large, max-video-preview:-1\" \/>\n<link rel=\"canonical\" href=\"https:\/\/valter-skupina.com\/sl\/javni-program-za-okrevanje-in-odpornost\/\" \/>\n<meta property=\"og:locale\" content=\"sl_SI\" \/>\n<meta property=\"og:type\" content=\"article\" \/>\n<meta property=\"og:title\" content=\"EU FINANCIRANJE - valter-skupina.com\" \/>\n<meta property=\"og:description\" content=\"Javni razpis za podpora zagonskim, mikro, malim in srednjim podjetjem pri strate\u0161ki trajnostni in kro\u017eni transformaciji poslovanja v letih 2022-2025 Na\u0161e podjetje Valter skupina d.o.o. je uspe\u0161no pridobilo pogodbo o vklju\u010ditvi v Fazo B za sofinanciranje izvedbenega projekta Javnega razpisa Podpora zagonskim, mikro, malim in srednjim podjetjem pri strate\u0161ki trajnostni in kro\u017eni transformaciji poslovanja v &hellip; Continued\" \/>\n<meta property=\"og:url\" content=\"https:\/\/valter-skupina.com\/sl\/javni-program-za-okrevanje-in-odpornost\/\" \/>\n<meta property=\"og:site_name\" content=\"valter-skupina.com\" \/>\n<meta property=\"article:modified_time\" content=\"2024-12-18T10:10:49+00:00\" \/>\n<meta property=\"og:image\" content=\"https:\/\/valter-skupina.com\/wp-content\/uploads\/2023\/09\/Spirit-Slovenia-logo-300x90.png\" \/>\n<meta name=\"twitter:card\" content=\"summary_large_image\" \/>\n<meta name=\"twitter:label1\" content=\"Est. reading time\" \/>\n\t<meta name=\"twitter:data1\" content=\"6 minut\" \/>\n<script type=\"application\/ld+json\" class=\"yoast-schema-graph\">{\"@context\":\"https:\/\/schema.org\",\"@graph\":[{\"@type\":\"WebPage\",\"@id\":\"https:\/\/valter-skupina.com\/sl\/javni-program-za-okrevanje-in-odpornost\/\",\"url\":\"https:\/\/valter-skupina.com\/sl\/javni-program-za-okrevanje-in-odpornost\/\",\"name\":\"EU FINANCIRANJE - valter-skupina.com\",\"isPartOf\":{\"@id\":\"https:\/\/valter-skupina.com\/sl\/#website\"},\"datePublished\":\"2023-09-20T14:04:59+00:00\",\"dateModified\":\"2024-12-18T10:10:49+00:00\",\"breadcrumb\":{\"@id\":\"https:\/\/valter-skupina.com\/sl\/javni-program-za-okrevanje-in-odpornost\/#breadcrumb\"},\"inLanguage\":\"sl-SI\",\"potentialAction\":[{\"@type\":\"ReadAction\",\"target\":[\"https:\/\/valter-skupina.com\/sl\/javni-program-za-okrevanje-in-odpornost\/\"]}]},{\"@type\":\"BreadcrumbList\",\"@id\":\"https:\/\/valter-skupina.com\/sl\/javni-program-za-okrevanje-in-odpornost\/#breadcrumb\",\"itemListElement\":[{\"@type\":\"ListItem\",\"position\":1,\"name\":\"Home\",\"item\":\"https:\/\/valter-skupina.com\/sl\/\"},{\"@type\":\"ListItem\",\"position\":2,\"name\":\"EU FINANCIRANJE\"}]},{\"@type\":\"WebSite\",\"@id\":\"https:\/\/valter-skupina.com\/sl\/#website\",\"url\":\"https:\/\/valter-skupina.com\/sl\/\",\"name\":\"valter-skupina.com\",\"description\":\"Just another WordPress site\",\"potentialAction\":[{\"@type\":\"SearchAction\",\"target\":{\"@type\":\"EntryPoint\",\"urlTemplate\":\"https:\/\/valter-skupina.com\/sl\/?s={search_term_string}\"},\"query-input\":\"required name=search_term_string\"}],\"inLanguage\":\"sl-SI\"}]}<\/script>\n<!-- \/ Yoast SEO plugin. -->","yoast_head_json":{"title":"EU FINANCIRANJE - valter-skupina.com","robots":{"index":"index","follow":"follow","max-snippet":"max-snippet:-1","max-image-preview":"max-image-preview:large","max-video-preview":"max-video-preview:-1"},"canonical":"https:\/\/valter-skupina.com\/sl\/javni-program-za-okrevanje-in-odpornost\/","og_locale":"sl_SI","og_type":"article","og_title":"EU FINANCIRANJE - valter-skupina.com","og_description":"Javni razpis za podpora zagonskim, mikro, malim in srednjim podjetjem pri strate\u0161ki trajnostni in kro\u017eni transformaciji poslovanja v letih 2022-2025 Na\u0161e podjetje Valter skupina d.o.o. je uspe\u0161no pridobilo pogodbo o vklju\u010ditvi v Fazo B za sofinanciranje izvedbenega projekta Javnega razpisa Podpora zagonskim, mikro, malim in srednjim podjetjem pri strate\u0161ki trajnostni in kro\u017eni transformaciji poslovanja v &hellip; Continued","og_url":"https:\/\/valter-skupina.com\/sl\/javni-program-za-okrevanje-in-odpornost\/","og_site_name":"valter-skupina.com","article_modified_time":"2024-12-18T10:10:49+00:00","og_image":[{"url":"https:\/\/valter-skupina.com\/wp-content\/uploads\/2023\/09\/Spirit-Slovenia-logo-300x90.png"}],"twitter_card":"summary_large_image","twitter_misc":{"Est. reading time":"6 minut"},"schema":{"@context":"https:\/\/schema.org","@graph":[{"@type":"WebPage","@id":"https:\/\/valter-skupina.com\/sl\/javni-program-za-okrevanje-in-odpornost\/","url":"https:\/\/valter-skupina.com\/sl\/javni-program-za-okrevanje-in-odpornost\/","name":"EU FINANCIRANJE - valter-skupina.com","isPartOf":{"@id":"https:\/\/valter-skupina.com\/sl\/#website"},"datePublished":"2023-09-20T14:04:59+00:00","dateModified":"2024-12-18T10:10:49+00:00","breadcrumb":{"@id":"https:\/\/valter-skupina.com\/sl\/javni-program-za-okrevanje-in-odpornost\/#breadcrumb"},"inLanguage":"sl-SI","potentialAction":[{"@type":"ReadAction","target":["https:\/\/valter-skupina.com\/sl\/javni-program-za-okrevanje-in-odpornost\/"]}]},{"@type":"BreadcrumbList","@id":"https:\/\/valter-skupina.com\/sl\/javni-program-za-okrevanje-in-odpornost\/#breadcrumb","itemListElement":[{"@type":"ListItem","position":1,"name":"Home","item":"https:\/\/valter-skupina.com\/sl\/"},{"@type":"ListItem","position":2,"name":"EU FINANCIRANJE"}]},{"@type":"WebSite","@id":"https:\/\/valter-skupina.com\/sl\/#website","url":"https:\/\/valter-skupina.com\/sl\/","name":"valter-skupina.com","description":"Just another WordPress site","potentialAction":[{"@type":"SearchAction","target":{"@type":"EntryPoint","urlTemplate":"https:\/\/valter-skupina.com\/sl\/?s={search_term_string}"},"query-input":"required name=search_term_string"}],"inLanguage":"sl-SI"}]}},"_links":{"self":[{"href":"https:\/\/valter-skupina.com\/sl\/wp-json\/wp\/v2\/pages\/1975","targetHints":{"allow":["GET"]}}],"collection":[{"href":"https:\/\/valter-skupina.com\/sl\/wp-json\/wp\/v2\/pages"}],"about":[{"href":"https:\/\/valter-skupina.com\/sl\/wp-json\/wp\/v2\/types\/page"}],"author":[{"embeddable":true,"href":"https:\/\/valter-skupina.com\/sl\/wp-json\/wp\/v2\/users\/2"}],"replies":[{"embeddable":true,"href":"https:\/\/valter-skupina.com\/sl\/wp-json\/wp\/v2\/comments?post=1975"}],"version-history":[{"count":0,"href":"https:\/\/valter-skupina.com\/sl\/wp-json\/wp\/v2\/pages\/1975\/revisions"}],"wp:attachment":[{"href":"https:\/\/valter-skupina.com\/sl\/wp-json\/wp\/v2\/media?parent=1975"}],"curies":[{"name":"wp","href":"https:\/\/api.w.org\/{rel}","templated":true}]}}